{"id":3771,"date":"2024-05-06T19:12:51","date_gmt":"2024-05-06T17:12:51","guid":{"rendered":"https:\/\/www.macgleo.com\/blog\/?post_type=tribe_events&#038;p=3771"},"modified":"2024-05-06T19:12:51","modified_gmt":"2024-05-06T17:12:51","slug":"111eme-concours-de-cidre-de-fouesnant","status":"publish","type":"tribe_events","link":"https:\/\/www.macgleo.com\/blog\/event\/111eme-concours-de-cidre-de-fouesnant\/","title":{"rendered":"111\u00e8me Concours de Cidre de Fouesnant"},"content":{"rendered":"<p><em><strong>111\u00e8me concours de cidre de Fouesnant, cela valait bien une \u00e9dition sp\u00e9ciale.<\/strong><\/em><\/p>\n<p>Le concours traditionnel se d\u00e9roulera comme chaque ann\u00e9e le <strong>troisi\u00e8me samedi de Juillet<\/strong>. Organis\u00e9 par la <strong>Mairie<\/strong> et le <strong>Cidref<\/strong>, il verra comme d\u2019habitude s\u2019affronter les professionnels d\u2019un cot\u00e9 et les amateurs de l\u2019autre. Cependant pour cette occasion, l\u2019association pomologique <strong>KAW<\/strong> invite les amateurs de la <strong>Plan\u00e8te Cidre<\/strong>.<\/p>\n<p>Plus qu\u2019un concours, c\u2019est une occasion d\u2019affirmer haut et fort que les terroirs de grande tradition cidricole sont chacun \u00e0 leur mani\u00e8re une expression originale du cidre. \u00c0 l\u2019heure o\u00f9 les saveurs et les parfums se diluent dans un monde en voie d\u2019uniformisation, il est n\u00e9cessaire de rappeler le caract\u00e8re de chacune de ces expressions.<\/p>\n<p>La <strong>Plan\u00e8te Cidre<\/strong> est celle des amateurs du cidre <strong>Pur Jus<\/strong>, des couleurs p\u00e2les, oranges ou dor\u00e9es, des parfums de fruits, de fleurs et d\u2019\u00e9pices, des saveurs am\u00e8res, acides et sucr\u00e9es. Chaque terroir assemble \u00e0 sa fa\u00e7on ces ingr\u00e9dients pour donner \u00e0 d\u00e9couvrir l\u2019esprit et la beaut\u00e9 de sa campagne.<\/p>\n<p>En ce troisi\u00e8me<strong> Week-end de juillet<\/strong>, les cidres viendront de Bretagne, de Normandie, d\u2019Europe et d\u2019Am\u00e9rique du Nord. Ils seront pr\u00e9sent\u00e9s et d\u00e9fendus par des personnalit\u00e9s de la Plan\u00e8te Cidre r\u00e9unies \u00e0 l\u2019occasion du <strong><i>111\u00e8me Concours de Cidre Fouesnant<\/i>.<\/strong><\/p>\n","protected":false},"excerpt":{"rendered":"<p>111\u00e8me concours de cidre de Fouesnant, cela valait bien une \u00e9dition sp\u00e9ciale. Le concours traditionnel se d\u00e9roulera comme chaque ann\u00e9e le troisi\u00e8me samedi de Juillet. Organis\u00e9 par la Mairie et&hellip;&nbsp;<a href=\"https:\/\/www.macgleo.com\/blog\/event\/111eme-concours-de-cidre-de-fouesnant\/\" rel=\"bookmark\">Lire la suite &raquo;<span class=\"screen-reader-text\">111\u00e8me Concours de Cidre de Fouesnant<\/span><\/a><\/p>\n","protected":false},"author":1,"featured_media":3773,"template":"","meta":{"neve_meta_sidebar":"","neve_meta_container":"","neve_meta_enable_content_width":"","neve_meta_content_width":0,"neve_meta_title_alignment":"","neve_meta_author_avatar":"","neve_post_elements_order":"","neve_meta_disable_header":"","neve_meta_disable_footer":"","neve_meta_disable_title":"","_tribe_events_status":"","_tribe_events_status_reason":"","footnotes":""},"tags":[16,15,64,17,66],"tribe_events_cat":[14],"class_list":["post-3771","tribe_events","type-tribe_events","status-publish","has-post-thumbnail","hentry","tag-cidre","tag-concours","tag-cornouaille","tag-fouesnant","tag-planete-cidre","tribe_events_cat-agenda","cat_agenda"],"_links":{"self":[{"href":"https:\/\/www.macgleo.com\/blog\/wp-json\/wp\/v2\/tribe_events\/3771","targetHints":{"allow":["GET"]}}],"collection":[{"href":"https:\/\/www.macgleo.com\/blog\/wp-json\/wp\/v2\/tribe_events"}],"about":[{"href":"https:\/\/www.macgleo.com\/blog\/wp-json\/wp\/v2\/types\/tribe_events"}],"author":[{"embeddable":true,"href":"https:\/\/www.macgleo.com\/blog\/wp-json\/wp\/v2\/users\/1"}],"version-history":[{"count":2,"href":"https:\/\/www.macgleo.com\/blog\/wp-json\/wp\/v2\/tribe_events\/3771\/revisions"}],"predecessor-version":[{"id":3774,"href":"https:\/\/www.macgleo.com\/blog\/wp-json\/wp\/v2\/tribe_events\/3771\/revisions\/3774"}],"wp:featuredmedia":[{"embeddable":true,"href":"https:\/\/www.macgleo.com\/blog\/wp-json\/wp\/v2\/media\/3773"}],"wp:attachment":[{"href":"https:\/\/www.macgleo.com\/blog\/wp-json\/wp\/v2\/media?parent=3771"}],"wp:term":[{"taxonomy":"post_tag","embeddable":true,"href":"https:\/\/www.macgleo.com\/blog\/wp-json\/wp\/v2\/tags?post=3771"},{"taxonomy":"tribe_events_cat","embeddable":true,"href":"https:\/\/www.macgleo.com\/blog\/wp-json\/wp\/v2\/tribe_events_cat?post=3771"}],"curies":[{"name":"wp","href":"https:\/\/api.w.org\/{rel}","templated":true}]}}