{"id":3715,"date":"2023-11-24T00:30:31","date_gmt":"2023-11-23T23:30:31","guid":{"rendered":"https:\/\/www.macgleo.com\/blog\/?post_type=tribe_events&#038;p=3715"},"modified":"2023-11-24T00:30:42","modified_gmt":"2023-11-23T23:30:42","slug":"formation-cidre-pour-les-amateurs","status":"publish","type":"tribe_events","link":"https:\/\/www.macgleo.com\/blog\/event\/formation-cidre-pour-les-amateurs\/","title":{"rendered":"Formation cidre pour les amateurs"},"content":{"rendered":"<p>Une vraie tradition Cidricole de terroir, se mesure au nombre d&rsquo;amateurs qui y produisent chaque ann\u00e9e du cidre pour leur plaisir et celui de leurs proches. Le ph\u00e9nom\u00e8ne est ancien en Cornouaille et le Cidref organise depuis longtemps des formations \u00e0 leur intention. Il y a les journ\u00e9es consacr\u00e9es au verger et celles sp\u00e9cifique \u00e0 la fabrication, du pressage \u00e0 la conduite des fermentations.<\/p>\n<p>La prochaine journ\u00e9e sera consacr\u00e9e \u00e0 la fabrication du cidre et se tiendra \u00e0 la Maison des Marais de Penfoulic \u00e0 Fouesnant le vendredi 22 d\u00e9cembre \u00e0 partir de 9H30 (fin de journ\u00e9e pr\u00e9vue \u00e0 16H). Renseignements et inscription par e-mail aupr\u00e8s du Cidref \u00e0 l&rsquo;adresse : contact@cidref.fr<\/p>\n","protected":false},"excerpt":{"rendered":"<p>Une vraie tradition Cidricole de terroir, se mesure au nombre d&rsquo;amateurs qui y produisent chaque ann\u00e9e du cidre pour leur plaisir et celui de leurs proches. Le ph\u00e9nom\u00e8ne est ancien&hellip;&nbsp;<a href=\"https:\/\/www.macgleo.com\/blog\/event\/formation-cidre-pour-les-amateurs\/\" rel=\"bookmark\">Lire la suite &raquo;<span class=\"screen-reader-text\">Formation cidre pour les amateurs<\/span><\/a><\/p>\n","protected":false},"author":1,"featured_media":0,"template":"","meta":{"neve_meta_sidebar":"","neve_meta_container":"","neve_meta_enable_content_width":"","neve_meta_content_width":0,"neve_meta_title_alignment":"","neve_meta_author_avatar":"","neve_post_elements_order":"","neve_meta_disable_header":"","neve_meta_disable_footer":"","neve_meta_disable_title":"","_tribe_events_status":"","_tribe_events_status_reason":"","footnotes":""},"tags":[16,57,58,41],"tribe_events_cat":[14],"class_list":["post-3715","tribe_events","type-tribe_events","status-publish","hentry","tag-cidre","tag-conduite-de-fermentation","tag-frormation","tag-vergers","tribe_events_cat-agenda","cat_agenda"],"_links":{"self":[{"href":"https:\/\/www.macgleo.com\/blog\/wp-json\/wp\/v2\/tribe_events\/3715","targetHints":{"allow":["GET"]}}],"collection":[{"href":"https:\/\/www.macgleo.com\/blog\/wp-json\/wp\/v2\/tribe_events"}],"about":[{"href":"https:\/\/www.macgleo.com\/blog\/wp-json\/wp\/v2\/types\/tribe_events"}],"author":[{"embeddable":true,"href":"https:\/\/www.macgleo.com\/blog\/wp-json\/wp\/v2\/users\/1"}],"version-history":[{"count":1,"href":"https:\/\/www.macgleo.com\/blog\/wp-json\/wp\/v2\/tribe_events\/3715\/revisions"}],"predecessor-version":[{"id":3717,"href":"https:\/\/www.macgleo.com\/blog\/wp-json\/wp\/v2\/tribe_events\/3715\/revisions\/3717"}],"wp:attachment":[{"href":"https:\/\/www.macgleo.com\/blog\/wp-json\/wp\/v2\/media?parent=3715"}],"wp:term":[{"taxonomy":"post_tag","embeddable":true,"href":"https:\/\/www.macgleo.com\/blog\/wp-json\/wp\/v2\/tags?post=3715"},{"taxonomy":"tribe_events_cat","embeddable":true,"href":"https:\/\/www.macgleo.com\/blog\/wp-json\/wp\/v2\/tribe_events_cat?post=3715"}],"curies":[{"name":"wp","href":"https:\/\/api.w.org\/{rel}","templated":true}]}}