{"id":3687,"date":"2023-10-28T18:48:41","date_gmt":"2023-10-28T16:48:41","guid":{"rendered":"https:\/\/www.macgleo.com\/blog\/?post_type=tribe_events&#038;p=3687"},"modified":"2023-10-28T18:48:48","modified_gmt":"2023-10-28T16:48:48","slug":"fete-de-la-pomme-a-quevert-22","status":"publish","type":"tribe_events","link":"https:\/\/www.macgleo.com\/blog\/event\/fete-de-la-pomme-a-quevert-22\/","title":{"rendered":"F\u00eate de la pomme \u00e0 Qu\u00e9vert (22)"},"content":{"rendered":"<p>La d\u00e9sormais f\u00eate traditionnelle de la pomme de Qu\u00e9vert aura lieu cette ann\u00e9e les 4 &amp; 5 novembre. Organis\u00e9 par l&rsquo;association Les Mordus de la pomme, elle est un point d&rsquo;orgue annuel de cette association qui \u0153uvre depuis pr\u00e8s de quarante ans \u00e0 la pr\u00e9servation du patrimoine fruitier de Bretagne. Cette \u00e9dition qui se veut renouvel\u00e9e invite tous les visiteurs (et ceux qui ne pourront pas venir) \u00e0 planter un arbre fruitier dans leur jardin.<\/p>\n","protected":false},"excerpt":{"rendered":"<p>La d\u00e9sormais f\u00eate traditionnelle de la pomme de Qu\u00e9vert aura lieu cette ann\u00e9e les 4 &amp; 5 novembre. Organis\u00e9 par l&rsquo;association Les Mordus de la pomme, elle est un point&hellip;&nbsp;<a href=\"https:\/\/www.macgleo.com\/blog\/event\/fete-de-la-pomme-a-quevert-22\/\" rel=\"bookmark\">Lire la suite &raquo;<span class=\"screen-reader-text\">F\u00eate de la pomme \u00e0 Qu\u00e9vert (22)<\/span><\/a><\/p>\n","protected":false},"author":1,"featured_media":0,"template":"","meta":{"neve_meta_sidebar":"","neve_meta_container":"","neve_meta_enable_content_width":"","neve_meta_content_width":0,"neve_meta_title_alignment":"","neve_meta_author_avatar":"","neve_post_elements_order":"","neve_meta_disable_header":"","neve_meta_disable_footer":"","neve_meta_disable_title":"","_tribe_events_status":"","_tribe_events_status_reason":"","footnotes":""},"tags":[52,53],"tribe_events_cat":[14],"class_list":["post-3687","tribe_events","type-tribe_events","status-publish","hentry","tag-mordus-de-la-pomme","tag-quevert","tribe_events_cat-agenda","cat_agenda"],"_links":{"self":[{"href":"https:\/\/www.macgleo.com\/blog\/wp-json\/wp\/v2\/tribe_events\/3687","targetHints":{"allow":["GET"]}}],"collection":[{"href":"https:\/\/www.macgleo.com\/blog\/wp-json\/wp\/v2\/tribe_events"}],"about":[{"href":"https:\/\/www.macgleo.com\/blog\/wp-json\/wp\/v2\/types\/tribe_events"}],"author":[{"embeddable":true,"href":"https:\/\/www.macgleo.com\/blog\/wp-json\/wp\/v2\/users\/1"}],"version-history":[{"count":1,"href":"https:\/\/www.macgleo.com\/blog\/wp-json\/wp\/v2\/tribe_events\/3687\/revisions"}],"predecessor-version":[{"id":3688,"href":"https:\/\/www.macgleo.com\/blog\/wp-json\/wp\/v2\/tribe_events\/3687\/revisions\/3688"}],"wp:attachment":[{"href":"https:\/\/www.macgleo.com\/blog\/wp-json\/wp\/v2\/media?parent=3687"}],"wp:term":[{"taxonomy":"post_tag","embeddable":true,"href":"https:\/\/www.macgleo.com\/blog\/wp-json\/wp\/v2\/tags?post=3687"},{"taxonomy":"tribe_events_cat","embeddable":true,"href":"https:\/\/www.macgleo.com\/blog\/wp-json\/wp\/v2\/tribe_events_cat?post=3687"}],"curies":[{"name":"wp","href":"https:\/\/api.w.org\/{rel}","templated":true}]}}