{"id":3500,"date":"2023-08-30T19:41:39","date_gmt":"2023-08-30T17:41:39","guid":{"rendered":"https:\/\/www.macgleo.com\/blog\/?post_type=tribe_events&#038;p=3500"},"modified":"2023-08-31T21:52:38","modified_gmt":"2023-08-31T19:52:38","slug":"spectacle-les-contes-de-lestran","status":"publish","type":"tribe_events","link":"https:\/\/www.macgleo.com\/blog\/event\/spectacle-les-contes-de-lestran\/","title":{"rendered":"Spectacle : les Contes de l&rsquo;Estran"},"content":{"rendered":"<p><a href=\"https:\/\/www.macgleo.com\/blog\/event\/spectacle-les-contes-de-lestran\/bandeannonce\/\" rel=\"attachment wp-att-3506\"><img data-opt-id=273987995  fetchpriority=\"high\" decoding=\"async\" class=\"aligncenter size-full wp-image-3506\" src=\"https:\/\/mloeudo7ye9b.i.optimole.com\/w:auto\/h:auto\/q:mauto\/f:best\/https:\/\/www.macgleo.com\/blog\/wp-content\/uploads\/2023\/08\/bandeannonce.png\" alt=\"\" width=\"1524\" height=\"750\" srcset=\"https:\/\/mloeudo7ye9b.i.optimole.com\/w:1524\/h:750\/q:mauto\/f:best\/https:\/\/www.macgleo.com\/blog\/wp-content\/uploads\/2023\/08\/bandeannonce.png 1524w, https:\/\/mloeudo7ye9b.i.optimole.com\/w:300\/h:148\/q:mauto\/f:best\/https:\/\/www.macgleo.com\/blog\/wp-content\/uploads\/2023\/08\/bandeannonce.png 300w, https:\/\/mloeudo7ye9b.i.optimole.com\/w:1024\/h:504\/q:mauto\/f:best\/https:\/\/www.macgleo.com\/blog\/wp-content\/uploads\/2023\/08\/bandeannonce.png 1024w, https:\/\/mloeudo7ye9b.i.optimole.com\/w:768\/h:378\/q:mauto\/f:best\/https:\/\/www.macgleo.com\/blog\/wp-content\/uploads\/2023\/08\/bandeannonce.png 768w\" sizes=\"(max-width: 1200px) 100vw, 1200px\" \/><\/a><\/p>\n<p>\u201cles Contes de l\u2019Estran\u201d \u00a0est un spectacle musical et graphique avec\u00a0Claude Le Brun, harpiste reconnu de la sc\u00e8ne bretonne qui a particip\u00e9 \u00e0 de nombreuses formations musicales et multipli\u00e9 les exp\u00e9riences avant d\u2019explorer les sonorit\u00e9s \u00e9lectriques de sa harpe, et\u00a0Mark Gleonec, conteur, dessinateur et fin connaisseur du cidre, qui a particip\u00e9 \u00e0 diverses exp\u00e9riences musicales avant de se tourner vers l\u2019\u00e9criture et l\u2019illustration de contes.<\/p>\n<p>Le r\u00e9cital rassemble des histoires de la c\u00f4te Sud de la Cornouaille, une terre au centre de l\u2019Europe Atlantique dont la culture plusieurs fois mill\u00e9naire anime des populations autant maritimes que paysannes. Entre ces deux mondes, se renouvelle \u00e0 chaque mar\u00e9e un univers fantastique peupl\u00e9 de rires, de larmes et de l\u00e9gendes.\u00a0Le spectacle d\u00e9ploie son univers graphique en affichant tour \u00e0 tour, une illustration de chaque conte dans une filiation celtique faite de spirales et d&rsquo;imaginaire, au centre d\u2019une sc\u00e8ne o\u00f9 la harpe et le tonneau d\u00e9limitent l\u2019espace.<\/p>\n<p>\u201cles Contes de l\u2019Estran\u201d sont articul\u00e9s en deux moments. Le premier dit le r\u00f4le du conte et illustre le temps des croyances, des frayeurs et de la farce. Le second dit les histoires de ces gens de la c\u00f4te qui transportent, d\u00e9gustent et parfois abusent du cidre, avant d\u2019\u00e9voquer les drames, ceux des navires bien s\u00fbr, mais \u00e9galement ceux des petites gens tirant leur subsistance de l\u2019estran.\u00a0En Cornouaille cependant, tout s\u2019ach\u00e8ve par une danse car si la vie est parfois rude, il ne tient qu&rsquo;aux vivants de s\u2019en faire une f\u00eate.<\/p>\n","protected":false},"excerpt":{"rendered":"<p>\u201cles Contes de l\u2019Estran\u201d \u00a0est un spectacle musical et graphique avec\u00a0Claude Le Brun, harpiste reconnu de la sc\u00e8ne bretonne qui a particip\u00e9 \u00e0 de nombreuses formations musicales et multipli\u00e9 les&hellip;&nbsp;<a href=\"https:\/\/www.macgleo.com\/blog\/event\/spectacle-les-contes-de-lestran\/\" rel=\"bookmark\">Lire la suite &raquo;<span class=\"screen-reader-text\">Spectacle : les Contes de l&rsquo;Estran<\/span><\/a><\/p>\n","protected":false},"author":1,"featured_media":0,"template":"","meta":{"neve_meta_sidebar":"","neve_meta_container":"","neve_meta_enable_content_width":"","neve_meta_content_width":0,"neve_meta_title_alignment":"","neve_meta_author_avatar":"","neve_post_elements_order":"","neve_meta_disable_header":"","neve_meta_disable_footer":"","neve_meta_disable_title":"","_tribe_events_status":"","_tribe_events_status_reason":"","footnotes":""},"tags":[16,33,34,35,32],"tribe_events_cat":[14],"class_list":["post-3500","tribe_events","type-tribe_events","status-publish","hentry","tag-cidre","tag-contes","tag-estran","tag-harpe","tag-spectacle","tribe_events_cat-agenda","cat_agenda"],"_links":{"self":[{"href":"https:\/\/www.macgleo.com\/blog\/wp-json\/wp\/v2\/tribe_events\/3500","targetHints":{"allow":["GET"]}}],"collection":[{"href":"https:\/\/www.macgleo.com\/blog\/wp-json\/wp\/v2\/tribe_events"}],"about":[{"href":"https:\/\/www.macgleo.com\/blog\/wp-json\/wp\/v2\/types\/tribe_events"}],"author":[{"embeddable":true,"href":"https:\/\/www.macgleo.com\/blog\/wp-json\/wp\/v2\/users\/1"}],"version-history":[{"count":5,"href":"https:\/\/www.macgleo.com\/blog\/wp-json\/wp\/v2\/tribe_events\/3500\/revisions"}],"predecessor-version":[{"id":3512,"href":"https:\/\/www.macgleo.com\/blog\/wp-json\/wp\/v2\/tribe_events\/3500\/revisions\/3512"}],"wp:attachment":[{"href":"https:\/\/www.macgleo.com\/blog\/wp-json\/wp\/v2\/media?parent=3500"}],"wp:term":[{"taxonomy":"post_tag","embeddable":true,"href":"https:\/\/www.macgleo.com\/blog\/wp-json\/wp\/v2\/tags?post=3500"},{"taxonomy":"tribe_events_cat","embeddable":true,"href":"https:\/\/www.macgleo.com\/blog\/wp-json\/wp\/v2\/tribe_events_cat?post=3500"}],"curies":[{"name":"wp","href":"https:\/\/api.w.org\/{rel}","templated":true}]}}