{"id":3463,"date":"2023-07-24T19:10:45","date_gmt":"2023-07-24T17:10:45","guid":{"rendered":"https:\/\/www.macgleo.com\/blog\/?post_type=tribe_events&#038;p=3463"},"modified":"2023-07-25T14:19:00","modified_gmt":"2023-07-25T12:19:00","slug":"balade-contee-sur-les-traces-de-pj-helias","status":"publish","type":"tribe_events","link":"https:\/\/www.macgleo.com\/blog\/event\/balade-contee-sur-les-traces-de-pj-helias\/","title":{"rendered":"Balade cont\u00e9e sur les traces de PJ Helias."},"content":{"rendered":"<p>De 18 heures \u00e0 20 heures, la balade au d\u00e9part de la Maison natale de Pierre jakez Helias, propose d&rsquo;arpenter les rues, chemins et lieux \u00e9voqu\u00e9s par l&rsquo;auteur du Cheval d&rsquo;orgueil.\u00a0La marche est ponctu\u00e9e d&rsquo;arr\u00eats qui permettent, outre de reprendre son souffle, de donner \u00e0 entendre des passages du best-seller, re-connect\u00e9s au monde d&rsquo;aujourd&rsquo;hui par le conteur. Je suis ce conteur et c&rsquo;est un r\u00e9el bonheur de dire du Pierre jakez Helias, parfois dans sa langue natale, le Breton, et le plus souvent en Fran\u00e7ais. La boucle p\u00e9destre sur les lieux de son livre offre de le replacer dans une actualit\u00e9 pr\u00e9sente aussi contrast\u00e9e qu&rsquo;elle pouvait l&rsquo;\u00eatre au temps du Cheval d&rsquo;orgueil. Pouldreuzic est un bourg qui gagne \u00e0 se d\u00e9couvrir \u00e0 pied et sa campagne, encore tr\u00e8s pr\u00e9serv\u00e9e, fait se succ\u00e9der les champs, les bois et la fantastique puissance de ses imposants m\u00e9galithes.<\/p>\n<p>Mark Gleonec<\/p>\n","protected":false},"excerpt":{"rendered":"<p>De 18 heures \u00e0 20 heures, la balade au d\u00e9part de la Maison natale de Pierre jakez Helias, propose d&rsquo;arpenter les rues, chemins et lieux \u00e9voqu\u00e9s par l&rsquo;auteur du Cheval&hellip;&nbsp;<a href=\"https:\/\/www.macgleo.com\/blog\/event\/balade-contee-sur-les-traces-de-pj-helias\/\" rel=\"bookmark\">Lire la suite &raquo;<span class=\"screen-reader-text\">Balade cont\u00e9e sur les traces de PJ Helias.<\/span><\/a><\/p>\n","protected":false},"author":1,"featured_media":3468,"template":"","meta":{"neve_meta_sidebar":"","neve_meta_container":"","neve_meta_enable_content_width":"","neve_meta_content_width":0,"neve_meta_title_alignment":"","neve_meta_author_avatar":"","neve_post_elements_order":"","neve_meta_disable_header":"","neve_meta_disable_footer":"","neve_meta_disable_title":"","_tribe_events_status":"","_tribe_events_status_reason":"","footnotes":""},"tags":[27,22,23],"tribe_events_cat":[14],"class_list":["post-3463","tribe_events","type-tribe_events","status-publish","has-post-thumbnail","hentry","tag-arbre","tag-balade","tag-conte","tribe_events_cat-agenda","cat_agenda"],"_links":{"self":[{"href":"https:\/\/www.macgleo.com\/blog\/wp-json\/wp\/v2\/tribe_events\/3463","targetHints":{"allow":["GET"]}}],"collection":[{"href":"https:\/\/www.macgleo.com\/blog\/wp-json\/wp\/v2\/tribe_events"}],"about":[{"href":"https:\/\/www.macgleo.com\/blog\/wp-json\/wp\/v2\/types\/tribe_events"}],"author":[{"embeddable":true,"href":"https:\/\/www.macgleo.com\/blog\/wp-json\/wp\/v2\/users\/1"}],"version-history":[{"count":2,"href":"https:\/\/www.macgleo.com\/blog\/wp-json\/wp\/v2\/tribe_events\/3463\/revisions"}],"predecessor-version":[{"id":3467,"href":"https:\/\/www.macgleo.com\/blog\/wp-json\/wp\/v2\/tribe_events\/3463\/revisions\/3467"}],"wp:featuredmedia":[{"embeddable":true,"href":"https:\/\/www.macgleo.com\/blog\/wp-json\/wp\/v2\/media\/3468"}],"wp:attachment":[{"href":"https:\/\/www.macgleo.com\/blog\/wp-json\/wp\/v2\/media?parent=3463"}],"wp:term":[{"taxonomy":"post_tag","embeddable":true,"href":"https:\/\/www.macgleo.com\/blog\/wp-json\/wp\/v2\/tags?post=3463"},{"taxonomy":"tribe_events_cat","embeddable":true,"href":"https:\/\/www.macgleo.com\/blog\/wp-json\/wp\/v2\/tribe_events_cat?post=3463"}],"curies":[{"name":"wp","href":"https:\/\/api.w.org\/{rel}","templated":true}]}}