{"id":3375,"date":"2023-07-03T11:39:22","date_gmt":"2023-07-03T09:39:22","guid":{"rendered":"https:\/\/www.macgleo.com\/blog\/?post_type=tribe_events&#038;p=3375"},"modified":"2023-07-25T15:02:14","modified_gmt":"2023-07-25T13:02:14","slug":"conference-sur-lhistoire-du-cidre-francais","status":"publish","type":"tribe_events","link":"https:\/\/www.macgleo.com\/blog\/event\/conference-sur-lhistoire-du-cidre-francais\/","title":{"rendered":"Conf\u00e9rence sur l&rsquo;histoire du cidre fran\u00e7ais"},"content":{"rendered":"<h3>Du citre au cidre : culture et d\u00e9gustations<\/h3>\n<p>Au mois de juin 2023, la Villa Rabelais organise un cycle sur le th\u00e8me du cidre. Les participants sont invit\u00e9s \u00e0 venir d\u00e9couvrir la culture du cidre et la mani\u00e8re de le consommer. Dans l&rsquo;ambiance chaleureuse et conviviale de la Villa Rabelais \u00e0 Tours, d\u00e9butants et amateurs \u00e9clair\u00e9s pourront nouer connaissance au fil de ces trois s\u00e9ances de formation, et partager leur ressentis lors des d\u00e9gustations.<\/p>\n<p><a href=\"https:\/\/www.macgleo.com\/blog\/wp-content\/uploads\/2023\/07\/cycle_dateliers_cidre_2023-Villa-Rabelais-2.pdf\">Acc\u00e9der au programme d\u00e9taill\u00e9 de ce cycle de conf\u00e9rence sur le cidre.<\/a><\/p>\n","protected":false},"excerpt":{"rendered":"<p>Du citre au cidre : culture et d\u00e9gustations Au mois de juin 2023, la Villa Rabelais organise un cycle sur le th\u00e8me du cidre. Les participants sont invit\u00e9s \u00e0 venir&hellip;&nbsp;<a href=\"https:\/\/www.macgleo.com\/blog\/event\/conference-sur-lhistoire-du-cidre-francais\/\" rel=\"bookmark\">Lire la suite &raquo;<span class=\"screen-reader-text\">Conf\u00e9rence sur l&rsquo;histoire du cidre fran\u00e7ais<\/span><\/a><\/p>\n","protected":false},"author":1,"featured_media":3391,"template":"","meta":{"neve_meta_sidebar":"","neve_meta_container":"","neve_meta_enable_content_width":"","neve_meta_content_width":0,"neve_meta_title_alignment":"","neve_meta_author_avatar":"","neve_post_elements_order":"","neve_meta_disable_header":"","neve_meta_disable_footer":"","neve_meta_disable_title":"","_tribe_events_status":"","_tribe_events_status_reason":"","footnotes":""},"tags":[16,23,30],"tribe_events_cat":[14],"class_list":["post-3375","tribe_events","type-tribe_events","status-publish","has-post-thumbnail","hentry","tag-cidre","tag-conte","tag-formation","tribe_events_cat-agenda","cat_agenda"],"_links":{"self":[{"href":"https:\/\/www.macgleo.com\/blog\/wp-json\/wp\/v2\/tribe_events\/3375","targetHints":{"allow":["GET"]}}],"collection":[{"href":"https:\/\/www.macgleo.com\/blog\/wp-json\/wp\/v2\/tribe_events"}],"about":[{"href":"https:\/\/www.macgleo.com\/blog\/wp-json\/wp\/v2\/types\/tribe_events"}],"author":[{"embeddable":true,"href":"https:\/\/www.macgleo.com\/blog\/wp-json\/wp\/v2\/users\/1"}],"version-history":[{"count":4,"href":"https:\/\/www.macgleo.com\/blog\/wp-json\/wp\/v2\/tribe_events\/3375\/revisions"}],"predecessor-version":[{"id":3396,"href":"https:\/\/www.macgleo.com\/blog\/wp-json\/wp\/v2\/tribe_events\/3375\/revisions\/3396"}],"wp:featuredmedia":[{"embeddable":true,"href":"https:\/\/www.macgleo.com\/blog\/wp-json\/wp\/v2\/media\/3391"}],"wp:attachment":[{"href":"https:\/\/www.macgleo.com\/blog\/wp-json\/wp\/v2\/media?parent=3375"}],"wp:term":[{"taxonomy":"post_tag","embeddable":true,"href":"https:\/\/www.macgleo.com\/blog\/wp-json\/wp\/v2\/tags?post=3375"},{"taxonomy":"tribe_events_cat","embeddable":true,"href":"https:\/\/www.macgleo.com\/blog\/wp-json\/wp\/v2\/tribe_events_cat?post=3375"}],"curies":[{"name":"wp","href":"https:\/\/api.w.org\/{rel}","templated":true}]}}